{"version":"1.0","provider_name":"Communaut\u00e9 de Communes de la Plaine Jurassienne","provider_url":"https:\/\/www.cc-laplaine-jurassienne.fr","author_name":"Laura","author_url":"https:\/\/www.cc-laplaine-jurassienne.fr\/index.php\/author\/admin3421\/","title":"L'anniversaire Made in Jura - Communaut\u00e9 de Communes de la Plaine Jurassienne","type":"rich","width":600,"height":338,"html":"<blockquote class=\"wp-embedded-content\" data-secret=\"eTs3AHUOSe\"><a href=\"https:\/\/www.cc-laplaine-jurassienne.fr\/index.php\/2023\/10\/16\/lanniversaire-made-in-jura\/\">L&rsquo;anniversaire Made in Jura<\/a><\/blockquote><iframe sandbox=\"allow-scripts\" security=\"restricted\" src=\"https:\/\/www.cc-laplaine-jurassienne.fr\/index.php\/2023\/10\/16\/lanniversaire-made-in-jura\/embed\/#?secret=eTs3AHUOSe\" width=\"600\" height=\"338\" title=\"\u00ab\u00a0L&rsquo;anniversaire Made in Jura\u00a0\u00bb &#8212; Communaut\u00e9 de Communes de la Plaine Jurassienne\" data-secret=\"eTs3AHUOSe\" frameborder=\"0\" marginwidth=\"0\" marginheight=\"0\" scrolling=\"no\" class=\"wp-embedded-content\"><\/iframe><script>\n\/*! This file is auto-generated *\/\n!function(d,l){\"use strict\";l.querySelector&&d.addEventListener&&\"undefined\"!=typeof URL&&(d.wp=d.wp||{},d.wp.receiveEmbedMessage||(d.wp.receiveEmbedMessage=function(e){var t=e.data;if((t||t.secret||t.message||t.value)&&!\/[^a-zA-Z0-9]\/.test(t.secret)){for(var s,r,n,a=l.querySelectorAll('iframe[data-secret=\"'+t.secret+'\"]'),o=l.querySelectorAll('blockquote[data-secret=\"'+t.secret+'\"]'),c=new RegExp(\"^https?:$\",\"i\"),i=0;i<o.length;i++)o[i].style.display=\"none\";for(i=0;i<a.length;i++)s=a[i],e.source===s.contentWindow&&(s.removeAttribute(\"style\"),\"height\"===t.message?(1e3<(r=parseInt(t.value,10))?r=1e3:~~r<200&&(r=200),s.height=r):\"link\"===t.message&&(r=new URL(s.getAttribute(\"src\")),n=new URL(t.value),c.test(n.protocol))&&n.host===r.host&&l.activeElement===s&&(d.top.location.href=t.value))}},d.addEventListener(\"message\",d.wp.receiveEmbedMessage,!1),l.addEventListener(\"DOMContentLoaded\",function(){for(var e,t,s=l.querySelectorAll(\"iframe.wp-embedded-content\"),r=0;r<s.length;r++)(t=(e=s[r]).getAttribute(\"data-secret\"))||(t=Math.random().toString(36).substring(2,12),e.src+=\"#?secret=\"+t,e.setAttribute(\"data-secret\",t)),e.contentWindow.postMessage({message:\"ready\",secret:t},\"*\")},!1)))}(window,document);\n\/\/# sourceURL=https:\/\/www.cc-laplaine-jurassienne.fr\/wp-includes\/js\/wp-embed.min.js\n<\/script>\n","thumbnail_url":"https:\/\/www.cc-laplaine-jurassienne.fr\/wp-content\/uploads\/2023\/10\/Slide_Web.png","thumbnail_width":1841,"thumbnail_height":583,"description":"Rejoignez-nous le 20 et 21 octobre 2023 \u00e0 Jura Parc (Lons-le-Saunier) pour f\u00eater les 20 ans de la marque territoriale \u00ab\u00a0Made in Jura\u00a0\u00bb. La Plaine Jurassienne animera un stand sur lequel vous aurez la possibilit\u00e9 de d\u00e9couvrir toutes les actions men\u00e9es sur notre territoire, de d\u00e9guster quelques mets et de rencontrer deux de nos entreprises [&hellip;]"}