{"version":"1.0","provider_name":"Communaut\u00e9 de Communes de la Plaine Jurassienne","provider_url":"https:\/\/www.cc-laplaine-jurassienne.fr","author_name":"Laura","author_url":"https:\/\/www.cc-laplaine-jurassienne.fr\/index.php\/author\/admin3421\/","title":"L'Asticot F\u00e9roce - Communaut\u00e9 de Communes de la Plaine Jurassienne","type":"rich","width":600,"height":338,"html":"<blockquote class=\"wp-embedded-content\" data-secret=\"9k7gANwfq8\"><a href=\"https:\/\/www.cc-laplaine-jurassienne.fr\/index.php\/associations\/lasticot-feroce\/\">L&rsquo;Asticot F\u00e9roce<\/a><\/blockquote><iframe sandbox=\"allow-scripts\" security=\"restricted\" src=\"https:\/\/www.cc-laplaine-jurassienne.fr\/index.php\/associations\/lasticot-feroce\/embed\/#?secret=9k7gANwfq8\" width=\"600\" height=\"338\" title=\"\u00ab\u00a0L&rsquo;Asticot F\u00e9roce\u00a0\u00bb &#8212; Communaut\u00e9 de Communes de la Plaine Jurassienne\" data-secret=\"9k7gANwfq8\" frameborder=\"0\" marginwidth=\"0\" marginheight=\"0\" scrolling=\"no\" class=\"wp-embedded-content\"><\/iframe><script>\n\/*! This file is auto-generated *\/\n!function(d,l){\"use strict\";l.querySelector&&d.addEventListener&&\"undefined\"!=typeof URL&&(d.wp=d.wp||{},d.wp.receiveEmbedMessage||(d.wp.receiveEmbedMessage=function(e){var t=e.data;if((t||t.secret||t.message||t.value)&&!\/[^a-zA-Z0-9]\/.test(t.secret)){for(var s,r,n,a=l.querySelectorAll('iframe[data-secret=\"'+t.secret+'\"]'),o=l.querySelectorAll('blockquote[data-secret=\"'+t.secret+'\"]'),c=new RegExp(\"^https?:$\",\"i\"),i=0;i<o.length;i++)o[i].style.display=\"none\";for(i=0;i<a.length;i++)s=a[i],e.source===s.contentWindow&&(s.removeAttribute(\"style\"),\"height\"===t.message?(1e3<(r=parseInt(t.value,10))?r=1e3:~~r<200&&(r=200),s.height=r):\"link\"===t.message&&(r=new URL(s.getAttribute(\"src\")),n=new URL(t.value),c.test(n.protocol))&&n.host===r.host&&l.activeElement===s&&(d.top.location.href=t.value))}},d.addEventListener(\"message\",d.wp.receiveEmbedMessage,!1),l.addEventListener(\"DOMContentLoaded\",function(){for(var e,t,s=l.querySelectorAll(\"iframe.wp-embedded-content\"),r=0;r<s.length;r++)(t=(e=s[r]).getAttribute(\"data-secret\"))||(t=Math.random().toString(36).substring(2,12),e.src+=\"#?secret=\"+t,e.setAttribute(\"data-secret\",t)),e.contentWindow.postMessage({message:\"ready\",secret:t},\"*\")},!1)))}(window,document);\n\/\/# sourceURL=https:\/\/www.cc-laplaine-jurassienne.fr\/wp-includes\/js\/wp-embed.min.js\n<\/script>\n","description":"Objet :\u00a0Organiser des \u00e9v\u00e9nements culturels, artistiques, festifs, promouvoir le partage de savoirs et l\u2019entraide, favoriser les cr\u00e9ations collectives, proposer et\/ou r\u00e9aliser des actions de solidarit\u00e9, participer \u00e0 l\u2019\u00e9mergence de syst\u00e8me d\u2019\u00e9change libres, promouvoir des modes de vie alternatifs et respectueux de l\u2019homme et de son environnement, rechercher l\u2019autonomie et l\u2019\u00e9mancipation, agir en faveur de la [&hellip;]"}