{"id":8428,"date":"2026-04-10T09:38:01","date_gmt":"2026-04-10T07:38:01","guid":{"rendered":"https:\/\/www.cc-laplaine-jurassienne.fr\/?post_type=associations&#038;p=8428"},"modified":"2026-04-23T09:56:12","modified_gmt":"2026-04-23T07:56:12","slug":"lasticot-feroce","status":"publish","type":"associations","link":"https:\/\/www.cc-laplaine-jurassienne.fr\/index.php\/associations\/lasticot-feroce\/","title":{"rendered":"L&rsquo;Asticot F\u00e9roce"},"content":{"rendered":"\n<p><strong>Objet :<\/strong>\u00a0Organiser des \u00e9v\u00e9nements culturels, artistiques, festifs, promouvoir le partage de savoirs et l\u2019entraide, favoriser les cr\u00e9ations collectives, proposer et\/ou r\u00e9aliser des actions de solidarit\u00e9, participer \u00e0 l\u2019\u00e9mergence de syst\u00e8me d\u2019\u00e9change libres, promouvoir des modes de vie alternatifs et respectueux de l\u2019homme et de son environnement, rechercher l\u2019autonomie et l\u2019\u00e9mancipation, agir en faveur de la biodiversit\u00e9, de l\u2019environnement et du climat.\u00a0<\/p>\n\n\n\n<p><strong>Pr\u00e9sident :<\/strong>&nbsp;Monsieur Yan BERTHIER<\/p>\n\n\n\n<p><strong>Contact :<\/strong>&nbsp;Madame Aur\u00e9lie MARCEL<\/p>\n\n\n\n<p><strong>Adresse :<\/strong>&nbsp;11 route du Parolais<\/p>\n\n\n\n<p>39120 ASNANS-BEAUVOISIN<\/p>\n\n\n\n<p><strong>T\u00e9l\u00e9phone :<\/strong>&nbsp;06 76 43 42 25<\/p>\n\n\n\n<p><strong>Mail :<\/strong>&nbsp;lasticotferoce@protonmail.com<\/p>\n","protected":false},"featured_media":0,"template":"","categories":[],"tags":[],"communes":[13],"categorie":[43],"class_list":["post-8428","associations","type-associations","status-publish","hentry","communes-asnans-beauvoisin","categorie-solidarite","entry"],"yoast_head":"<!-- This site is optimized with the Yoast SEO plugin v27.3 - https:\/\/yoast.com\/product\/yoast-seo-wordpress\/ -->\n<title>L&#039;Asticot F\u00e9roce - Communaut\u00e9 de Communes de la Plaine Jurassienne<\/title>\n<meta name=\"robots\" content=\"index, follow, max-snippet:-1, max-image-preview:large, max-video-preview:-1\" \/>\n<link rel=\"canonical\" href=\"https:\/\/www.cc-laplaine-jurassienne.fr\/index.php\/associations\/lasticot-feroce\/\" \/>\n<meta property=\"og:locale\" content=\"fr_FR\" \/>\n<meta property=\"og:type\" content=\"article\" \/>\n<meta property=\"og:title\" content=\"L&#039;Asticot F\u00e9roce - Communaut\u00e9 de Communes de la Plaine Jurassienne\" \/>\n<meta property=\"og:description\" content=\"Objet :\u00a0Organiser des \u00e9v\u00e9nements culturels, artistiques, festifs, promouvoir le partage de savoirs et l\u2019entraide, favoriser les cr\u00e9ations collectives, proposer et\/ou r\u00e9aliser des actions de solidarit\u00e9, participer \u00e0 l\u2019\u00e9mergence de syst\u00e8me d\u2019\u00e9change libres, promouvoir des modes de vie alternatifs et respectueux de l\u2019homme et de son environnement, rechercher l\u2019autonomie et l\u2019\u00e9mancipation, agir en faveur de la [&hellip;]\" \/>\n<meta property=\"og:url\" content=\"https:\/\/www.cc-laplaine-jurassienne.fr\/index.php\/associations\/lasticot-feroce\/\" \/>\n<meta property=\"og:site_name\" content=\"Communaut\u00e9 de Communes de la Plaine Jurassienne\" \/>\n<meta property=\"article:modified_time\" content=\"2026-04-23T07:56:12+00:00\" \/>\n<meta name=\"twitter:card\" content=\"summary_large_image\" \/>\n<meta name=\"twitter:label1\" content=\"Dur\u00e9e de lecture estim\u00e9e\" \/>\n\t<meta name=\"twitter:data1\" content=\"1 minute\" \/>\n<script type=\"application\/ld+json\" class=\"yoast-schema-graph\">{\"@context\":\"https:\\\/\\\/schema.org\",\"@graph\":[{\"@type\":\"WebPage\",\"@id\":\"https:\\\/\\\/www.cc-laplaine-jurassienne.fr\\\/index.php\\\/associations\\\/lasticot-feroce\\\/\",\"url\":\"https:\\\/\\\/www.cc-laplaine-jurassienne.fr\\\/index.php\\\/associations\\\/lasticot-feroce\\\/\",\"name\":\"L'Asticot F\u00e9roce - Communaut\u00e9 de Communes de la Plaine Jurassienne\",\"isPartOf\":{\"@id\":\"https:\\\/\\\/www.cc-laplaine-jurassienne.fr\\\/#website\"},\"datePublished\":\"2026-04-10T07:38:01+00:00\",\"dateModified\":\"2026-04-23T07:56:12+00:00\",\"breadcrumb\":{\"@id\":\"https:\\\/\\\/www.cc-laplaine-jurassienne.fr\\\/index.php\\\/associations\\\/lasticot-feroce\\\/#breadcrumb\"},\"inLanguage\":\"fr-FR\",\"potentialAction\":[{\"@type\":\"ReadAction\",\"target\":[\"https:\\\/\\\/www.cc-laplaine-jurassienne.fr\\\/index.php\\\/associations\\\/lasticot-feroce\\\/\"]}]},{\"@type\":\"BreadcrumbList\",\"@id\":\"https:\\\/\\\/www.cc-laplaine-jurassienne.fr\\\/index.php\\\/associations\\\/lasticot-feroce\\\/#breadcrumb\",\"itemListElement\":[{\"@type\":\"ListItem\",\"position\":1,\"name\":\"Accueil\",\"item\":\"https:\\\/\\\/www.cc-laplaine-jurassienne.fr\\\/\"},{\"@type\":\"ListItem\",\"position\":2,\"name\":\"L&rsquo;Asticot F\u00e9roce\"}]},{\"@type\":\"WebSite\",\"@id\":\"https:\\\/\\\/www.cc-laplaine-jurassienne.fr\\\/#website\",\"url\":\"https:\\\/\\\/www.cc-laplaine-jurassienne.fr\\\/\",\"name\":\"Communaut\u00e9 de Communes de la Plaine Jurassienne\",\"description\":\"\",\"publisher\":{\"@id\":\"https:\\\/\\\/www.cc-laplaine-jurassienne.fr\\\/#organization\"},\"potentialAction\":[{\"@type\":\"SearchAction\",\"target\":{\"@type\":\"EntryPoint\",\"urlTemplate\":\"https:\\\/\\\/www.cc-laplaine-jurassienne.fr\\\/?s={search_term_string}\"},\"query-input\":{\"@type\":\"PropertyValueSpecification\",\"valueRequired\":true,\"valueName\":\"search_term_string\"}}],\"inLanguage\":\"fr-FR\"},{\"@type\":\"Organization\",\"@id\":\"https:\\\/\\\/www.cc-laplaine-jurassienne.fr\\\/#organization\",\"name\":\"Communaut\u00e9 de Communes de la Plaine Jurassienne\",\"url\":\"https:\\\/\\\/www.cc-laplaine-jurassienne.fr\\\/\",\"logo\":{\"@type\":\"ImageObject\",\"inLanguage\":\"fr-FR\",\"@id\":\"https:\\\/\\\/www.cc-laplaine-jurassienne.fr\\\/#\\\/schema\\\/logo\\\/image\\\/\",\"url\":\"https:\\\/\\\/www.cc-laplaine-jurassienne.fr\\\/wp-content\\\/uploads\\\/2019\\\/11\\\/Nouveau-logo-PJ.png\",\"contentUrl\":\"https:\\\/\\\/www.cc-laplaine-jurassienne.fr\\\/wp-content\\\/uploads\\\/2019\\\/11\\\/Nouveau-logo-PJ.png\",\"width\":1794,\"height\":788,\"caption\":\"Communaut\u00e9 de Communes de la Plaine Jurassienne\"},\"image\":{\"@id\":\"https:\\\/\\\/www.cc-laplaine-jurassienne.fr\\\/#\\\/schema\\\/logo\\\/image\\\/\"}}]}<\/script>\n<!-- \/ Yoast SEO plugin. -->","yoast_head_json":{"title":"L'Asticot F\u00e9roce - Communaut\u00e9 de Communes de la Plaine Jurassienne","robots":{"index":"index","follow":"follow","max-snippet":"max-snippet:-1","max-image-preview":"max-image-preview:large","max-video-preview":"max-video-preview:-1"},"canonical":"https:\/\/www.cc-laplaine-jurassienne.fr\/index.php\/associations\/lasticot-feroce\/","og_locale":"fr_FR","og_type":"article","og_title":"L'Asticot F\u00e9roce - Communaut\u00e9 de Communes de la Plaine Jurassienne","og_description":"Objet :\u00a0Organiser des \u00e9v\u00e9nements culturels, artistiques, festifs, promouvoir le partage de savoirs et l\u2019entraide, favoriser les cr\u00e9ations collectives, proposer et\/ou r\u00e9aliser des actions de solidarit\u00e9, participer \u00e0 l\u2019\u00e9mergence de syst\u00e8me d\u2019\u00e9change libres, promouvoir des modes de vie alternatifs et respectueux de l\u2019homme et de son environnement, rechercher l\u2019autonomie et l\u2019\u00e9mancipation, agir en faveur de la [&hellip;]","og_url":"https:\/\/www.cc-laplaine-jurassienne.fr\/index.php\/associations\/lasticot-feroce\/","og_site_name":"Communaut\u00e9 de Communes de la Plaine Jurassienne","article_modified_time":"2026-04-23T07:56:12+00:00","twitter_card":"summary_large_image","twitter_misc":{"Dur\u00e9e de lecture estim\u00e9e":"1 minute"},"schema":{"@context":"https:\/\/schema.org","@graph":[{"@type":"WebPage","@id":"https:\/\/www.cc-laplaine-jurassienne.fr\/index.php\/associations\/lasticot-feroce\/","url":"https:\/\/www.cc-laplaine-jurassienne.fr\/index.php\/associations\/lasticot-feroce\/","name":"L'Asticot F\u00e9roce - Communaut\u00e9 de Communes de la Plaine Jurassienne","isPartOf":{"@id":"https:\/\/www.cc-laplaine-jurassienne.fr\/#website"},"datePublished":"2026-04-10T07:38:01+00:00","dateModified":"2026-04-23T07:56:12+00:00","breadcrumb":{"@id":"https:\/\/www.cc-laplaine-jurassienne.fr\/index.php\/associations\/lasticot-feroce\/#breadcrumb"},"inLanguage":"fr-FR","potentialAction":[{"@type":"ReadAction","target":["https:\/\/www.cc-laplaine-jurassienne.fr\/index.php\/associations\/lasticot-feroce\/"]}]},{"@type":"BreadcrumbList","@id":"https:\/\/www.cc-laplaine-jurassienne.fr\/index.php\/associations\/lasticot-feroce\/#breadcrumb","itemListElement":[{"@type":"ListItem","position":1,"name":"Accueil","item":"https:\/\/www.cc-laplaine-jurassienne.fr\/"},{"@type":"ListItem","position":2,"name":"L&rsquo;Asticot F\u00e9roce"}]},{"@type":"WebSite","@id":"https:\/\/www.cc-laplaine-jurassienne.fr\/#website","url":"https:\/\/www.cc-laplaine-jurassienne.fr\/","name":"Communaut\u00e9 de Communes de la Plaine Jurassienne","description":"","publisher":{"@id":"https:\/\/www.cc-laplaine-jurassienne.fr\/#organization"},"potentialAction":[{"@type":"SearchAction","target":{"@type":"EntryPoint","urlTemplate":"https:\/\/www.cc-laplaine-jurassienne.fr\/?s={search_term_string}"},"query-input":{"@type":"PropertyValueSpecification","valueRequired":true,"valueName":"search_term_string"}}],"inLanguage":"fr-FR"},{"@type":"Organization","@id":"https:\/\/www.cc-laplaine-jurassienne.fr\/#organization","name":"Communaut\u00e9 de Communes de la Plaine Jurassienne","url":"https:\/\/www.cc-laplaine-jurassienne.fr\/","logo":{"@type":"ImageObject","inLanguage":"fr-FR","@id":"https:\/\/www.cc-laplaine-jurassienne.fr\/#\/schema\/logo\/image\/","url":"https:\/\/www.cc-laplaine-jurassienne.fr\/wp-content\/uploads\/2019\/11\/Nouveau-logo-PJ.png","contentUrl":"https:\/\/www.cc-laplaine-jurassienne.fr\/wp-content\/uploads\/2019\/11\/Nouveau-logo-PJ.png","width":1794,"height":788,"caption":"Communaut\u00e9 de Communes de la Plaine Jurassienne"},"image":{"@id":"https:\/\/www.cc-laplaine-jurassienne.fr\/#\/schema\/logo\/image\/"}}]}},"_links":{"self":[{"href":"https:\/\/www.cc-laplaine-jurassienne.fr\/index.php\/wp-json\/wp\/v2\/associations\/8428","targetHints":{"allow":["GET"]}}],"collection":[{"href":"https:\/\/www.cc-laplaine-jurassienne.fr\/index.php\/wp-json\/wp\/v2\/associations"}],"about":[{"href":"https:\/\/www.cc-laplaine-jurassienne.fr\/index.php\/wp-json\/wp\/v2\/types\/associations"}],"wp:attachment":[{"href":"https:\/\/www.cc-laplaine-jurassienne.fr\/index.php\/wp-json\/wp\/v2\/media?parent=8428"}],"wp:term":[{"taxonomy":"category","embeddable":true,"href":"https:\/\/www.cc-laplaine-jurassienne.fr\/index.php\/wp-json\/wp\/v2\/categories?post=8428"},{"taxonomy":"post_tag","embeddable":true,"href":"https:\/\/www.cc-laplaine-jurassienne.fr\/index.php\/wp-json\/wp\/v2\/tags?post=8428"},{"taxonomy":"communes","embeddable":true,"href":"https:\/\/www.cc-laplaine-jurassienne.fr\/index.php\/wp-json\/wp\/v2\/communes?post=8428"},{"taxonomy":"categorie","embeddable":true,"href":"https:\/\/www.cc-laplaine-jurassienne.fr\/index.php\/wp-json\/wp\/v2\/categorie?post=8428"}],"curies":[{"name":"wp","href":"https:\/\/api.w.org\/{rel}","templated":true}]}}