{"id":8971,"date":"2026-04-23T09:41:28","date_gmt":"2026-04-23T07:41:28","guid":{"rendered":"https:\/\/www.cc-laplaine-jurassienne.fr\/?post_type=associations&#038;p=8971"},"modified":"2026-04-23T11:09:14","modified_gmt":"2026-04-23T09:09:14","slug":"souvenir-francais","status":"publish","type":"associations","link":"https:\/\/www.cc-laplaine-jurassienne.fr\/index.php\/associations\/souvenir-francais\/","title":{"rendered":"Souvenir Fran\u00e7ais"},"content":{"rendered":"\n<p><strong>Objet :<\/strong>&nbsp;N\u00e9 en 1872 en Alsace et Lorraine occup\u00e9es, fond\u00e9 \u00e0 Neuilly-sur-Seine en 1887, r\u00e9gi par la loi de 1901, reconnu d\u2019utilit\u00e9 publique en 1906, \u00ab&nbsp;LE SOUVENIR FRANCAIS&nbsp;\u00bb s\u2019est fix\u00e9 comme missions de :&nbsp;<\/p>\n\n\n\n<ul class=\"wp-block-list\">\n<li>Conserver la m\u00e9moire de ceux et de celles qui sont morts pour la France et veiller et participer \u00e0 l\u2019entretien de leur tombe, ainsi que des monuments \u00e9lev\u00e9s \u00e0 leur gloire, tant en France qu\u2019\u00e0 l\u2019\u00e9tranger;<\/li>\n\n\n\n<li>Participer aux c\u00e9r\u00e9monies patriotiques;<\/li>\n\n\n\n<li>Transmettre le flambeau aux jeunes g\u00e9n\u00e9rations.<\/li>\n<\/ul>\n\n\n\n<p><strong>Pr\u00e9sident :<\/strong>&nbsp;Monsieur Michel SORDET<\/p>\n\n\n\n<p><strong>Adresse :<\/strong>&nbsp;14 route de l\u2019Abergement<\/p>\n\n\n\n<p>39120 LES HAYS<\/p>\n\n\n\n<p><strong>T\u00e9l\u00e9phone :<\/strong>&nbsp;03 84 81 46 32 \/ 06 73 33 64 52<\/p>\n\n\n\n<p><strong>Mail :<\/strong>&nbsp;mmd.sordet@orange.fr<\/p>\n","protected":false},"featured_media":0,"template":"","categories":[],"tags":[],"communes":[],"categorie":[46],"class_list":["post-8971","associations","type-associations","status-publish","hentry","categorie-souvenirs-et-patriotisme","entry"],"yoast_head":"<!-- This site is optimized with the Yoast SEO plugin v27.3 - https:\/\/yoast.com\/product\/yoast-seo-wordpress\/ -->\n<title>Souvenir Fran\u00e7ais - Communaut\u00e9 de Communes de la Plaine Jurassienne<\/title>\n<meta name=\"robots\" content=\"index, follow, max-snippet:-1, max-image-preview:large, max-video-preview:-1\" \/>\n<link rel=\"canonical\" href=\"https:\/\/www.cc-laplaine-jurassienne.fr\/index.php\/associations\/souvenir-francais\/\" \/>\n<meta property=\"og:locale\" content=\"fr_FR\" \/>\n<meta property=\"og:type\" content=\"article\" \/>\n<meta property=\"og:title\" content=\"Souvenir Fran\u00e7ais - Communaut\u00e9 de Communes de la Plaine Jurassienne\" \/>\n<meta property=\"og:description\" content=\"Objet :&nbsp;N\u00e9 en 1872 en Alsace et Lorraine occup\u00e9es, fond\u00e9 \u00e0 Neuilly-sur-Seine en 1887, r\u00e9gi par la loi de 1901, reconnu d\u2019utilit\u00e9 publique en 1906, \u00ab&nbsp;LE SOUVENIR FRANCAIS&nbsp;\u00bb s\u2019est fix\u00e9 comme missions de :&nbsp; Pr\u00e9sident :&nbsp;Monsieur Michel SORDET Adresse :&nbsp;14 route de l\u2019Abergement 39120 LES HAYS T\u00e9l\u00e9phone :&nbsp;03 84 81 46 32 \/ 06 73 [&hellip;]\" \/>\n<meta property=\"og:url\" content=\"https:\/\/www.cc-laplaine-jurassienne.fr\/index.php\/associations\/souvenir-francais\/\" \/>\n<meta property=\"og:site_name\" content=\"Communaut\u00e9 de Communes de la Plaine Jurassienne\" \/>\n<meta property=\"article:modified_time\" content=\"2026-04-23T09:09:14+00:00\" \/>\n<meta name=\"twitter:card\" content=\"summary_large_image\" \/>\n<meta name=\"twitter:label1\" content=\"Dur\u00e9e de lecture estim\u00e9e\" \/>\n\t<meta name=\"twitter:data1\" content=\"1 minute\" \/>\n<script type=\"application\/ld+json\" class=\"yoast-schema-graph\">{\"@context\":\"https:\\\/\\\/schema.org\",\"@graph\":[{\"@type\":\"WebPage\",\"@id\":\"https:\\\/\\\/www.cc-laplaine-jurassienne.fr\\\/index.php\\\/associations\\\/souvenir-francais\\\/\",\"url\":\"https:\\\/\\\/www.cc-laplaine-jurassienne.fr\\\/index.php\\\/associations\\\/souvenir-francais\\\/\",\"name\":\"Souvenir Fran\u00e7ais - Communaut\u00e9 de Communes de la Plaine Jurassienne\",\"isPartOf\":{\"@id\":\"https:\\\/\\\/www.cc-laplaine-jurassienne.fr\\\/#website\"},\"datePublished\":\"2026-04-23T07:41:28+00:00\",\"dateModified\":\"2026-04-23T09:09:14+00:00\",\"breadcrumb\":{\"@id\":\"https:\\\/\\\/www.cc-laplaine-jurassienne.fr\\\/index.php\\\/associations\\\/souvenir-francais\\\/#breadcrumb\"},\"inLanguage\":\"fr-FR\",\"potentialAction\":[{\"@type\":\"ReadAction\",\"target\":[\"https:\\\/\\\/www.cc-laplaine-jurassienne.fr\\\/index.php\\\/associations\\\/souvenir-francais\\\/\"]}]},{\"@type\":\"BreadcrumbList\",\"@id\":\"https:\\\/\\\/www.cc-laplaine-jurassienne.fr\\\/index.php\\\/associations\\\/souvenir-francais\\\/#breadcrumb\",\"itemListElement\":[{\"@type\":\"ListItem\",\"position\":1,\"name\":\"Accueil\",\"item\":\"https:\\\/\\\/www.cc-laplaine-jurassienne.fr\\\/\"},{\"@type\":\"ListItem\",\"position\":2,\"name\":\"Souvenir Fran\u00e7ais\"}]},{\"@type\":\"WebSite\",\"@id\":\"https:\\\/\\\/www.cc-laplaine-jurassienne.fr\\\/#website\",\"url\":\"https:\\\/\\\/www.cc-laplaine-jurassienne.fr\\\/\",\"name\":\"Communaut\u00e9 de Communes de la Plaine Jurassienne\",\"description\":\"\",\"publisher\":{\"@id\":\"https:\\\/\\\/www.cc-laplaine-jurassienne.fr\\\/#organization\"},\"potentialAction\":[{\"@type\":\"SearchAction\",\"target\":{\"@type\":\"EntryPoint\",\"urlTemplate\":\"https:\\\/\\\/www.cc-laplaine-jurassienne.fr\\\/?s={search_term_string}\"},\"query-input\":{\"@type\":\"PropertyValueSpecification\",\"valueRequired\":true,\"valueName\":\"search_term_string\"}}],\"inLanguage\":\"fr-FR\"},{\"@type\":\"Organization\",\"@id\":\"https:\\\/\\\/www.cc-laplaine-jurassienne.fr\\\/#organization\",\"name\":\"Communaut\u00e9 de Communes de la Plaine Jurassienne\",\"url\":\"https:\\\/\\\/www.cc-laplaine-jurassienne.fr\\\/\",\"logo\":{\"@type\":\"ImageObject\",\"inLanguage\":\"fr-FR\",\"@id\":\"https:\\\/\\\/www.cc-laplaine-jurassienne.fr\\\/#\\\/schema\\\/logo\\\/image\\\/\",\"url\":\"https:\\\/\\\/www.cc-laplaine-jurassienne.fr\\\/wp-content\\\/uploads\\\/2019\\\/11\\\/Nouveau-logo-PJ.png\",\"contentUrl\":\"https:\\\/\\\/www.cc-laplaine-jurassienne.fr\\\/wp-content\\\/uploads\\\/2019\\\/11\\\/Nouveau-logo-PJ.png\",\"width\":1794,\"height\":788,\"caption\":\"Communaut\u00e9 de Communes de la Plaine Jurassienne\"},\"image\":{\"@id\":\"https:\\\/\\\/www.cc-laplaine-jurassienne.fr\\\/#\\\/schema\\\/logo\\\/image\\\/\"}}]}<\/script>\n<!-- \/ Yoast SEO plugin. -->","yoast_head_json":{"title":"Souvenir Fran\u00e7ais - Communaut\u00e9 de Communes de la Plaine Jurassienne","robots":{"index":"index","follow":"follow","max-snippet":"max-snippet:-1","max-image-preview":"max-image-preview:large","max-video-preview":"max-video-preview:-1"},"canonical":"https:\/\/www.cc-laplaine-jurassienne.fr\/index.php\/associations\/souvenir-francais\/","og_locale":"fr_FR","og_type":"article","og_title":"Souvenir Fran\u00e7ais - Communaut\u00e9 de Communes de la Plaine Jurassienne","og_description":"Objet :&nbsp;N\u00e9 en 1872 en Alsace et Lorraine occup\u00e9es, fond\u00e9 \u00e0 Neuilly-sur-Seine en 1887, r\u00e9gi par la loi de 1901, reconnu d\u2019utilit\u00e9 publique en 1906, \u00ab&nbsp;LE SOUVENIR FRANCAIS&nbsp;\u00bb s\u2019est fix\u00e9 comme missions de :&nbsp; Pr\u00e9sident :&nbsp;Monsieur Michel SORDET Adresse :&nbsp;14 route de l\u2019Abergement 39120 LES HAYS T\u00e9l\u00e9phone :&nbsp;03 84 81 46 32 \/ 06 73 [&hellip;]","og_url":"https:\/\/www.cc-laplaine-jurassienne.fr\/index.php\/associations\/souvenir-francais\/","og_site_name":"Communaut\u00e9 de Communes de la Plaine Jurassienne","article_modified_time":"2026-04-23T09:09:14+00:00","twitter_card":"summary_large_image","twitter_misc":{"Dur\u00e9e de lecture estim\u00e9e":"1 minute"},"schema":{"@context":"https:\/\/schema.org","@graph":[{"@type":"WebPage","@id":"https:\/\/www.cc-laplaine-jurassienne.fr\/index.php\/associations\/souvenir-francais\/","url":"https:\/\/www.cc-laplaine-jurassienne.fr\/index.php\/associations\/souvenir-francais\/","name":"Souvenir Fran\u00e7ais - Communaut\u00e9 de Communes de la Plaine Jurassienne","isPartOf":{"@id":"https:\/\/www.cc-laplaine-jurassienne.fr\/#website"},"datePublished":"2026-04-23T07:41:28+00:00","dateModified":"2026-04-23T09:09:14+00:00","breadcrumb":{"@id":"https:\/\/www.cc-laplaine-jurassienne.fr\/index.php\/associations\/souvenir-francais\/#breadcrumb"},"inLanguage":"fr-FR","potentialAction":[{"@type":"ReadAction","target":["https:\/\/www.cc-laplaine-jurassienne.fr\/index.php\/associations\/souvenir-francais\/"]}]},{"@type":"BreadcrumbList","@id":"https:\/\/www.cc-laplaine-jurassienne.fr\/index.php\/associations\/souvenir-francais\/#breadcrumb","itemListElement":[{"@type":"ListItem","position":1,"name":"Accueil","item":"https:\/\/www.cc-laplaine-jurassienne.fr\/"},{"@type":"ListItem","position":2,"name":"Souvenir Fran\u00e7ais"}]},{"@type":"WebSite","@id":"https:\/\/www.cc-laplaine-jurassienne.fr\/#website","url":"https:\/\/www.cc-laplaine-jurassienne.fr\/","name":"Communaut\u00e9 de Communes de la Plaine Jurassienne","description":"","publisher":{"@id":"https:\/\/www.cc-laplaine-jurassienne.fr\/#organization"},"potentialAction":[{"@type":"SearchAction","target":{"@type":"EntryPoint","urlTemplate":"https:\/\/www.cc-laplaine-jurassienne.fr\/?s={search_term_string}"},"query-input":{"@type":"PropertyValueSpecification","valueRequired":true,"valueName":"search_term_string"}}],"inLanguage":"fr-FR"},{"@type":"Organization","@id":"https:\/\/www.cc-laplaine-jurassienne.fr\/#organization","name":"Communaut\u00e9 de Communes de la Plaine Jurassienne","url":"https:\/\/www.cc-laplaine-jurassienne.fr\/","logo":{"@type":"ImageObject","inLanguage":"fr-FR","@id":"https:\/\/www.cc-laplaine-jurassienne.fr\/#\/schema\/logo\/image\/","url":"https:\/\/www.cc-laplaine-jurassienne.fr\/wp-content\/uploads\/2019\/11\/Nouveau-logo-PJ.png","contentUrl":"https:\/\/www.cc-laplaine-jurassienne.fr\/wp-content\/uploads\/2019\/11\/Nouveau-logo-PJ.png","width":1794,"height":788,"caption":"Communaut\u00e9 de Communes de la Plaine Jurassienne"},"image":{"@id":"https:\/\/www.cc-laplaine-jurassienne.fr\/#\/schema\/logo\/image\/"}}]}},"_links":{"self":[{"href":"https:\/\/www.cc-laplaine-jurassienne.fr\/index.php\/wp-json\/wp\/v2\/associations\/8971","targetHints":{"allow":["GET"]}}],"collection":[{"href":"https:\/\/www.cc-laplaine-jurassienne.fr\/index.php\/wp-json\/wp\/v2\/associations"}],"about":[{"href":"https:\/\/www.cc-laplaine-jurassienne.fr\/index.php\/wp-json\/wp\/v2\/types\/associations"}],"wp:attachment":[{"href":"https:\/\/www.cc-laplaine-jurassienne.fr\/index.php\/wp-json\/wp\/v2\/media?parent=8971"}],"wp:term":[{"taxonomy":"category","embeddable":true,"href":"https:\/\/www.cc-laplaine-jurassienne.fr\/index.php\/wp-json\/wp\/v2\/categories?post=8971"},{"taxonomy":"post_tag","embeddable":true,"href":"https:\/\/www.cc-laplaine-jurassienne.fr\/index.php\/wp-json\/wp\/v2\/tags?post=8971"},{"taxonomy":"communes","embeddable":true,"href":"https:\/\/www.cc-laplaine-jurassienne.fr\/index.php\/wp-json\/wp\/v2\/communes?post=8971"},{"taxonomy":"categorie","embeddable":true,"href":"https:\/\/www.cc-laplaine-jurassienne.fr\/index.php\/wp-json\/wp\/v2\/categorie?post=8971"}],"curies":[{"name":"wp","href":"https:\/\/api.w.org\/{rel}","templated":true}]}}